{"id":20,"date":"2024-05-28T21:20:52","date_gmt":"2024-05-28T21:20:52","guid":{"rendered":"http:\/\/www.temizcevre.org\/?page_id=20"},"modified":"2024-05-28T21:20:52","modified_gmt":"2024-05-28T21:20:52","slug":"dernek-tuzugu","status":"publish","type":"page","link":"https:\/\/temizcevre.org\/?page_id=20","title":{"rendered":"Dernek T\u00fcz\u00fc\u011f\u00fc"},"content":{"rendered":"\n<p><strong>Temiz \u00c7evre Derne\u011fi T\u00fcz\u00fc\u011f\u00fc<\/strong><br><strong>a) Derne\u011fin ad\u0131 ve merkezi.<\/strong><\/p>\n\n\n\n<p>Derne\u011fin Ad\u0131: &nbsp;Temiz \u00c7evre Derne\u011fi\u2019dir.<br>Merkezi : Antalya \u0130lidir.<\/p>\n\n\n\n<p><strong>b) Derne\u011fin amac\u0131 ve bu amac\u0131 ger\u00e7ekle\u015ftirmek i\u00e7in dernek\u00e7e s\u00fcrd\u00fcr\u00fclecek \u00e7al\u0131\u015fma konular\u0131 ve \u00e7al\u0131\u015fma bi\u00e7imleri ile faaliyet alan\u0131:<\/strong><\/p>\n\n\n\n<p>Derne\u011fin amac\u0131; insanlar ve t\u00fcm canl\u0131lar\u0131n ya\u015fanabilir temiz bir \u00e7evrede birlikte ve uyum i\u00e7inde varl\u0131klar\u0131n\u0131 devam ettirmeleri i\u00e7in yap\u0131lmas\u0131 gerekenler hususunda kurumlar ve ki\u015filerin birbirleri ile koordinasyonunu temin etmek, toplumsal bilinci art\u0131rmak ve gelecek nesillere temiz bir \u00e7evre teslim etmektir.<\/p>\n\n\n\n<p><strong>S\u00fcrd\u00fcr\u00fclecek \u00e7al\u0131\u015fma konular\u0131:<\/strong><\/p>\n\n\n\n<ol class=\"wp-block-list\">\n<li>Kat\u0131, s\u0131v\u0131, gaz her t\u00fcrl\u00fc kirletici madde ve \u00e7\u00f6plerin bertaraf edilmesinde<\/li>\n<\/ol>\n\n\n\n<p>do\u011faya yararl\u0131 hale getirilmesi ve d\u00f6n\u00fc\u015ft\u00fcr\u00fclmesi, \u00e7evre kirlili\u011finin \u00f6nlenmesi &nbsp;hususunda gereken \u00e7al\u0131\u015fmalar\u0131 yapmak,<br>2- Temizlik yap\u0131l\u0131rken ve hijyen temin edilirken kimyasal maddelerin kullan\u0131m\u0131nda bilimsel y\u00f6ntemler geli\u015ftirip bilin\u00e7lendirme \u00e7al\u0131\u015fmalar\u0131 yapmak,<br>2- G\u00fcr\u00fclt\u00fc kirlili\u011fini \u00f6nleyici \u00e7al\u0131\u015fmalar yapmak, bu konu ile ilgili kurum ve kurulu\u015flarla i\u015fbirli\u011fi y\u00fcr\u00fctmek.<\/p>\n\n\n\n<ol class=\"wp-block-list\">\n<li>Her t\u00fcrl\u00fc enerjinin ekonomik kullan\u0131m\u0131 hususunda \u00e7al\u0131\u015fmalar<\/li>\n<\/ol>\n\n\n\n<p>yapmak, yenilenebilir ve geri d\u00f6n\u00fc\u015f\u00fcml\u00fc enerji kaynaklar\u0131n\u0131n kullan\u0131lmas\u0131, yayg\u0131nla\u015ft\u0131r\u0131lmas\u0131 i\u00e7in gerekli \u00e7al\u0131\u015fmalar\u0131 yapmak,<\/p>\n\n\n\n<ol class=\"wp-block-list\">\n<li>Tar\u0131msal alanda do\u011faya uygun ve do\u011fay\u0131 t\u00fcketmeyen \u00fcretim<\/li>\n<\/ol>\n\n\n\n<p>y\u00f6ntemlerinin kullan\u0131lmas\u0131 hususunda gerekli \u00e7al\u0131\u015fmalar\u0131 yapmak, kimyasal ve kirletici, toksik yard\u0131mc\u0131lar\u0131n kullan\u0131m\u0131nda bilimsel y\u00f6ntemler geli\u015ftirmek ve bu husustaki yap\u0131lan \u00e7al\u0131\u015fmalar\u0131n kamu oyuna duyurulmas\u0131 i\u00e7in \u00e7al\u0131\u015fmalar yapmak.<\/p>\n\n\n\n<ol class=\"wp-block-list\">\n<li>Her t\u00fcrl\u00fc kirlili\u011fi \u00f6nleyici faaliyette bulunmak,<\/li>\n\n\n\n<li>\u00c7evreyi \u00a0g\u00f6r\u00fcnt\u00fc olarak kirleten unsurlar\u0131 \u00f6nleyici \u00e7al\u0131\u015fmalar yapmak,<\/li>\n\n\n\n<li>Trafik kurallar\u0131na uyulmas\u0131 hususunda gerekli \u00e7al\u0131\u015fmalar\u0131 yapmak, bu<\/li>\n<\/ol>\n\n\n\n<p>konuda \u00e7al\u0131\u015fmalar yapan di\u011fer \u00f6zel ve t\u00fczel ki\u015filer ile kamu kurum ve kurulu\u015flar\u0131 ile ortak projeler y\u00fcr\u00fctmek.<\/p>\n\n\n\n<ol class=\"wp-block-list\">\n<li>T\u00fcm ya\u015fam alanlar\u0131nda insan sa\u011fl\u0131\u011f\u0131na uygun temizlik ve hijyen<\/li>\n<\/ol>\n\n\n\n<p>ko\u015fullar\u0131na uygunluk i\u00e7in toplumu bilin\u00e7lendirmek ve gereken \u00e7al\u0131\u015fmalar\u0131 yapmak.<\/p>\n\n\n\n<p>S.2<br><strong>Dernek \u00e7al\u0131\u015fma alanlar\u0131 ile ilgili kanun ve y\u00f6netmeliklere, her t\u00fcrl\u00fc yasal d\u00fczenlemelere uygun olarak ;<\/strong><\/p>\n\n\n\n<ol class=\"wp-block-list\">\n<li>Gerek yurti\u00e7inde gerek yurtd\u0131\u015f\u0131nda aidat toplar, ba\u011f\u0131\u015f ve yard\u0131m al\u0131r.<\/li>\n\n\n\n<li>Temsilcilik ve \u015fube a\u00e7ar.<\/li>\n\n\n\n<li>Lokal a\u00e7ar.<\/li>\n\n\n\n<li>E\u011fitimler verir, kurs ve seminerler d\u00fczenler, platformlar haz\u0131rlar ve<\/li>\n<\/ol>\n\n\n\n<p>kat\u0131l\u0131r, toplant\u0131, g\u00f6steri, y\u00fcr\u00fcy\u00fc\u015f d\u00fczenler ve konusu ile ilgili d\u00fczenlenenlere kat\u0131l\u0131r.<br>Gerek yurti\u00e7inde gerekse yurtd\u0131\u015f\u0131nda ilgili vak\u0131f, dernek,meslek odalar\u0131 &nbsp;ve<br>\u00fcniversiteler ile \u00e7al\u0131\u015f\u0131r, ortak projeler haz\u0131rlar, haz\u0131rlanan projelere kat\u0131l\u0131r ve uygular.<\/p>\n\n\n\n<ol class=\"wp-block-list\">\n<li>E\u011fitim merkezleri ile i\u015fbirli\u011fi i\u00e7erisinde \u00e7al\u0131\u015f\u0131r.<\/li>\n\n\n\n<li>Hat\u0131ra e\u015fya haz\u0131rlar, tan\u0131t\u0131m gezileri\u00a0 ve sanatsal g\u00f6steriler d\u00fczenler.<\/li>\n\n\n\n<li>Her t\u00fcrl\u00fc at\u0131\u011f\u0131n bertaraf\u0131nda geri d\u00f6n\u00fc\u015f\u00fcm\u00fc i\u00e7in ilgili tesisleri ve<\/li>\n<\/ol>\n\n\n\n<p>i\u015fletmeleri kurar, \u00e7al\u0131\u015ft\u0131r\u0131r.<\/p>\n\n\n\n<ol class=\"wp-block-list\">\n<li>\u0130nternet sitesi olu\u015fturur ve internet \u00fczerinden de faaliyetlerini y\u00fcr\u00fct\u00fcr.<\/li>\n<\/ol>\n\n\n\n<p>Sa\u011flanan kar\u0131 \u00fcyelerine payla\u015ft\u0131rmamak, gelir, faiz veya ba\u015fka adlarla \u00fcyelerine aktarmamak \u015fart\u0131yla \u00fcyelerinin yiyecek, giyecek gibi zaruri ihtiya\u00e7 maddelerini ve di\u011fer mal ve hizmetlerle k\u0131sa vadeli kredi ihtiya\u00e7lar\u0131n\u0131 kar\u015f\u0131lamak amac\u0131yla sand\u0131k kurar.<\/p>\n\n\n\n<ol class=\"wp-block-list\">\n<li>Her t\u00fcrl\u00fc tan\u0131t\u0131c\u0131 faaliyette bulunur.<\/li>\n\n\n\n<li>Gazete, dergi, bro\u015f\u00fcr vs. s\u00fcreli, s\u00fcresiz yay\u0131nlar haz\u0131rlar, basar ve<\/li>\n<\/ol>\n\n\n\n<p>bast\u0131r\u0131r. Belgesel, sinema ve video filmleri haz\u0131rlar, yay\u0131nlar, TV ve bas\u0131n ile i\u015fbirli\u011fi i\u00e7erisinde \u00e7al\u0131\u015f\u0131r.<\/p>\n\n\n\n<ol class=\"wp-block-list\">\n<li>Amac\u0131 do\u011frultusunda ulusal ve uluslar aras\u0131 d\u00fczeyde bilim<\/li>\n<\/ol>\n\n\n\n<p>adamlar\u0131n\u0131n kat\u0131l\u0131m\u0131 ile seminer, konferans, panel vs.etkinlikler d\u00fczenler.<\/p>\n\n\n\n<ol class=\"wp-block-list\">\n<li>Kanunlarla yasaklanmam\u0131\u015f amac\u0131 do\u011frultusunda g\u00fcn\u00fcn \u015fartlar\u0131na<\/li>\n<\/ol>\n\n\n\n<p>g\u00f6re uygun g\u00f6r\u00fclecek her t\u00fcrl\u00fc faaliyeti y\u00f6netim kurulu karar\u0131 ile yapar.<\/p>\n\n\n\n<p><strong>Faaliyet Alan\u0131:<\/strong> Sosyal alanda faaliyet g\u00f6sterir.<\/p>\n\n\n\n<p><strong>c) Derne\u011fe \u00fcye olma ve \u00fcyelikten \u00e7\u0131kman\u0131n \u015fart ve \u015fekilleri.<\/strong><\/p>\n\n\n\n<p>Derne\u011fe \u00fcyelik ko\u015fullar\u0131:<\/p>\n\n\n\n<p>1- 18 ya\u015f\u0131n\u0131 bitirmi\u015f olmak .<br>2- T\u00fcrk Medeni Kanunu h\u00fck\u00fcmlerine g\u00f6re k\u0131s\u0131tl\u0131 olmamak,<br>3- Dilek\u00e7e ile ba\u015fvuruda bulunmak,<br>4- Dernek t\u00fcz\u00fck ve y\u00f6netmeli\u011fine uyaca\u011f\u0131na ili\u015fkin taahh\u00fctte bulunmak,<br>5- En son genel kurulda kabul edilen giri\u015f aidat\u0131n\u0131 \u00f6demi\u015f olmak,<br>6- T\u00fczel ki\u015filiklerin \u00fcye olmak istemesi halinde ilgili organlar\u0131nca temsilci tayin edilmi\u015f olmas\u0131,<br>S.3<br>7- Daha \u00f6nce \u00fcyeli\u011fe kabul edilmi\u015f bir \u00fcyenin, \u00fcyeli\u011fe kabul\u00fc hususunda tavsiye mektubu vermesi,<br>8- Y\u00f6netim kurulu taraf\u0131ndan \u00fcyeli\u011fe kabul karar\u0131 verilmi\u015f olmas\u0131.<\/p>\n\n\n\n<p><strong>\u00dcyelikten \u00e7\u0131kma:<\/strong><\/p>\n\n\n\n<p>Her \u00fcye istedi\u011fi takdirde istifa dilek\u00e7esi vererek \u00fcyelikten \u00e7\u0131kabilir. \u0130stifa dilek\u00e7esinin verilmesi ve kay\u0131t defterine i\u015flenmesi yeterlidir.<\/p>\n\n\n\n<p><strong>\u00dcyelikten \u00e7\u0131kar\u0131lma:<\/strong><\/p>\n\n\n\n<ol class=\"wp-block-list\">\n<li>\u00dcyelik ko\u015fullar\u0131ndan her hangi birine ayk\u0131r\u0131 olarak \u00fcye kaydedilen<\/li>\n<\/ol>\n\n\n\n<p>ki\u015filer y\u00f6netim kurulunun karar\u0131 ile do\u011frudan \u00fcyelikten \u00e7\u0131kar\u0131l\u0131r.<\/p>\n\n\n\n<ol class=\"wp-block-list\">\n<li>Derne\u011fin amac\u0131 ve \u00e7al\u0131\u015fma konular\u0131na ayk\u0131r\u0131 eylemler ve faaliyetler<\/li>\n<\/ol>\n\n\n\n<p>i\u00e7inde yeralan, aidat bor\u00e7lar\u0131n\u0131 \u00f6demeyen \u00fcyeler; disiplin kurulunun \u00e7o\u011funluk karar\u0131 ile verece\u011fi teklif neticesinde y\u00f6netim kurulunun karar\u0131 ile \u00fcyelikten ihra\u00e7 edilir.<br>\u00dcyelikten \u00e7\u0131kar\u0131lma \u00fcyenin derne\u011fe bildirdi\u011fi adrese&nbsp; iadeli taahh\u00fctl\u00fc mektupla bildirilir. Disiplin kurulu kararlar\u0131na kar\u015f\u0131 \u00fcyelikten ihra\u00e7 halinde ihra\u00e7 karar\u0131n\u0131n tebli\u011fini takip eden 30 g\u00fcn i\u00e7inde ilk genel kurulda g\u00f6r\u00fc\u015f\u00fclmek \u00fczere y\u00f6netim kuruluna itiraz edilebilir. \u00dcye 30 g\u00fcn i\u00e7erisinde y\u00f6netim kuruluna itiraz\u0131n\u0131 yapmad\u0131\u011f\u0131 ya da &nbsp;\u00fc\u00e7 ay i\u00e7erisinde do\u011frudan mahkemeye ba\u015fvuruda bulunmad\u0131\u011f\u0131 takdirde \u00fcyelikten ihrac\u0131 kesinle\u015fir. \u00dcye ihra\u00e7 karar\u0131 \u00fczerinden alt\u0131 ay ge\u00e7mi\u015f olmak ko\u015fulu ile e\u011fer bir genel kurul ge\u00e7mi\u015f ise haber edilmedi\u011finden bahisle ihraca itiraz s\u00fcresi bertaraf edilemez.<\/p>\n\n\n\n<p><strong>Derne\u011fin organlar\u0131:<\/strong><br>1-Genel kurul<br>2-Y\u00f6netim kurul<br>3-Denetim kurul<br>4-Disiplin kurulu<br>5-\u015eikayet kurulu<br>6- Ara\u015ft\u0131rma ve inceleme kuruludur.<br>Dernek y\u00f6netim kurul karar\u0131 ile ama\u00e7lar\u0131 do\u011frultusunda bu organlardan ba\u015fka organlarda olu\u015fturabilir. Ancak bu organlar\u0131n g\u00f6revleri devredilemez.<\/p>\n\n\n\n<p><strong>d) Genel kurulun olu\u015fum ve toplanma \u015fekli ve zaman\u0131.<\/strong><br>Genel kurul derne\u011fin en yetkili karar organ\u0131 olup, \u015fubelerin temsilcileri ile derne\u011fe kay\u0131tl\u0131 asil \u00fcyelerden olu\u015fur.<br>Genel kurul iki y\u0131lda bir &nbsp;&nbsp;May\u0131s ay\u0131 i\u00e7erisinde toplan\u0131r.<br>Y\u00f6netim kurulu, dernek t\u00fcz\u00fc\u011f\u00fcne g\u00f6re genel kurula kat\u0131lma hakk\u0131 bulunan \u00fcyelerin listesini d\u00fczenler. Genel kurula kat\u0131lma hakk\u0131 bulunan \u00fcyeler,<br>S.4<br>en az onbe\u015f g\u00fcn \u00f6nceden, g\u00fcn\u00fc, saati, yeri ve g\u00fcndemi bir gazetede ilan edilmek veya yaz\u0131l\u0131 ya da elektronik posta ile bildirilmek suretiyle toplant\u0131ya \u00e7a\u011fr\u0131l\u0131r. Bu \u00e7a\u011fr\u0131da, \u00e7o\u011funluk sa\u011flanamamas\u0131 sebebiyle toplant\u0131 yap\u0131lamazsa, ikinci toplant\u0131n\u0131n hangi g\u00fcn, saat ve yerde yap\u0131laca\u011f\u0131 da belirtilir. \u0130lk toplant\u0131 ile ikinci toplant\u0131 aras\u0131ndaki s\u00fcre yedi g\u00fcnden az, altm\u0131\u015f g\u00fcnden fazla olamaz.<\/p>\n\n\n\n<p>Toplant\u0131, \u00e7o\u011funluk sa\u011flanamamas\u0131 sebebinin d\u0131\u015f\u0131nda ba\u015fka bir nedenle geri b\u0131rak\u0131l\u0131rsa, bu durum geri b\u0131rakma sebepleri de belirtilmek suretiyle, ilk toplant\u0131 i\u00e7in yap\u0131lan \u00e7a\u011fr\u0131 usul\u00fcne uygun olarak \u00fcyelere duyurulur. \u0130kinci toplant\u0131n\u0131n geri b\u0131rakma tarihinden itibaren en ge\u00e7 alt\u0131 ay i\u00e7inde yap\u0131lmas\u0131 zorunludur. \u00dcyeler ikinci toplant\u0131ya, birinci f\u0131krada belirtilen esaslara g\u00f6re yeniden \u00e7a\u011fr\u0131l\u0131r.<\/p>\n\n\n\n<p>Genel kurul toplant\u0131s\u0131 bir defadan fazla geri b\u0131rak\u0131lamaz.<\/p>\n\n\n\n<p><strong>Toplant\u0131 usul\u00fc:<\/strong><\/p>\n\n\n\n<p>Genel kurula kat\u0131lma hakk\u0131 bulunan \u00fcyelerin listesi toplant\u0131 yerinde haz\u0131r bulundurulur. Toplant\u0131 yerine girecek \u00fcyelerin resmi makamlarca verilmi\u015f kimlik belgeleri, y\u00f6netim kurulu \u00fcyeleri veya y\u00f6netim kurulunca g\u00f6revlendirilecek g\u00f6revliler taraf\u0131ndan kontrol edilir. \u00dcyeler, y\u00f6netim kurulunca d\u00fczenlenen listedeki adlar\u0131 kar\u015f\u0131s\u0131na imza koyarak toplant\u0131 yerine girerler. Kimlik belgesini g\u00f6stermeyenler, belirtilen listeyi imzalamayanlar ile genel kurula kat\u0131lma hakk\u0131 bulunmayan \u00fcyeler toplant\u0131 yerine al\u0131nmaz. Bu ki\u015filer ve dernek \u00fcyesi olmayanlar, ayr\u0131 bir b\u00f6l\u00fcmde genel kurul toplant\u0131s\u0131n\u0131 izleyebilirler.<\/p>\n\n\n\n<p>Toplant\u0131 yeter say\u0131s\u0131 sa\u011flanm\u0131\u015fsa durum bir tutanakla tespit edilir ve toplant\u0131 y\u00f6netim kurulu ba\u015fkan\u0131 veya g\u00f6revlendirece\u011fi y\u00f6netim kurulu \u00fcyelerinden biri taraf\u0131ndan a\u00e7\u0131l\u0131r. Toplant\u0131 yeter say\u0131s\u0131 sa\u011flanamamas\u0131 halinde de y\u00f6netim kurulunca bir tutanak d\u00fczenlenir.<\/p>\n\n\n\n<p>A\u00e7\u0131l\u0131\u015ftan sonra, toplant\u0131y\u0131 y\u00f6netmek \u00fczere bir ba\u015fkan ve yeteri kadar ba\u015fkan vekili ile yazman se\u00e7ilerek divan heyeti olu\u015fturulur.<\/p>\n\n\n\n<p>Dernek organlar\u0131n\u0131n se\u00e7imi i\u00e7in yap\u0131lacak oylamalarda, oy kullanan \u00fcyelerin divan heyetine kimliklerini g\u00f6stermeleri ve haz\u0131run listesindeki isimlerinin kar\u015f\u0131lar\u0131n\u0131 imzalamalar\u0131 zorunludur.<\/p>\n\n\n\n<p>Toplant\u0131n\u0131n y\u00f6netimi ve g\u00fcvenli\u011finin sa\u011flanmas\u0131 divan ba\u015fkan\u0131na aittir. Genel kurul, g\u00fcndemdeki konular\u0131n g\u00f6r\u00fc\u015f\u00fclerek karara ba\u011flanmas\u0131yla sonu\u00e7land\u0131r\u0131l\u0131r. Genel kurulda her \u00fcyenin bir oy hakk\u0131 vard\u0131r; \u00fcye oyunu \u015fahsen kullanmak zorundad\u0131r.<\/p>\n\n\n\n<p>S.5<br>Toplant\u0131da g\u00f6r\u00fc\u015f\u00fclen konular ve al\u0131nan kararlar bir tutana\u011fa yaz\u0131l\u0131r ve divan ba\u015fkan\u0131 ile yazmanlar taraf\u0131ndan birlikte imzalan\u0131r. Toplant\u0131 sonunda, tutanak ve di\u011fer belgeler y\u00f6netim kurulu ba\u015fkan\u0131na teslim edilir. Y\u00f6netim kurulu ba\u015fkan\u0131 bu belgelerin korunmas\u0131ndan ve yeni se\u00e7ilen y\u00f6netim kuruluna yedi g\u00fcn i\u00e7inde teslim etmekten sorumludur.<\/p>\n\n\n\n<p>Mahkemece kayy\u0131m atanmas\u0131 veya Medeni Kanunun 75 inci maddesinin ikinci f\u0131kras\u0131na g\u00f6re g\u00f6revlendirilme yap\u0131lmas\u0131 halinde, bu maddede y\u00f6netim kuruluna verilen g\u00f6revler bu ki\u015filer taraf\u0131ndan yerine getirilir.<\/p>\n\n\n\n<p><strong>Genel kurul sonu\u00e7 bildirimi:<\/strong><\/p>\n\n\n\n<p>Ola\u011fan veya ola\u011fan\u00fcst\u00fc genel kurul toplant\u0131lar\u0131n\u0131 izleyen otuz g\u00fcn i\u00e7inde, y\u00f6netim ve denetim kurullar\u0131 ile di\u011fer organlara se\u00e7ilen as\u0131l ve yedek \u00fcyeleri i\u00e7eren Genel Kurul Sonu\u00e7 Bildirimi ve ekleri y\u00f6netim kurulu ba\u015fkan\u0131 taraf\u0131ndan m\u00fclki idare amirli\u011fine bildirilir:<\/p>\n\n\n\n<p>a) Divan ba\u015fkan\u0131, ba\u015fkan yard\u0131mc\u0131lar\u0131 ve yazman taraf\u0131ndan imzalanm\u0131\u015f genel kurul toplant\u0131 tutana\u011f\u0131 \u00f6rne\u011fi,<\/p>\n\n\n\n<p>b) T\u00fcz\u00fck de\u011fi\u015fikli\u011fi yap\u0131lm\u0131\u015fsa, t\u00fcz\u00fc\u011f\u00fcn de\u011fi\u015fen maddelerinin yeni ve eski \u015fekli ile dernek t\u00fcz\u00fc\u011f\u00fcn\u00fcn son \u015feklinin her sayfas\u0131 y\u00f6netim kurulunca imzalanm\u0131\u015f \u00f6rne\u011fi.<\/p>\n\n\n\n<p>Genel kurul sonu\u00e7 bildirimi ve ekleri, b\u00fcy\u00fck\u015fehir belediyesi s\u0131n\u0131rlar\u0131 i\u00e7inde kalan il\u00e7eler hari\u00e7 di\u011fer il\u00e7elerde bulunan dernekler taraf\u0131ndan iki suret olarak verilir.<\/p>\n\n\n\n<p>Genel kurul sonu\u00e7 bildirimleri, dernek y\u00f6netim kurulu taraf\u0131ndan yetki verilen bir y\u00f6netim kurulu \u00fcyesi taraf\u0131ndan da yap\u0131labilir. Bildirimin yap\u0131lmamas\u0131ndan y\u00f6netim kurulu ba\u015fkan\u0131 sorumludur.<\/p>\n\n\n\n<p>Sand\u0131\u011f\u0131 bulunan dernekler, sand\u0131klar\u0131na ait genel kurul sonu\u00e7 bildirimi ve eklerini bu maddede belirtilen usulde m\u00fclki idare amirli\u011fine bildirirler.<\/p>\n\n\n\n<p>Genel kurul sonu\u00e7 bildirimi ve eklerinin mevzuata uygunlu\u011fu dernekler birimlerince incelenir. Varsa, eksiklerin veya hatalar\u0131n giderilmesi ilgili derneklerden istenir. Eksiklik ve hatalar\u0131n giderilmemesi veya konusu su\u00e7 te\u015fkil eden fiillerin tespit edilmesi halinde gerekli yasal i\u015flem yap\u0131l\u0131r.<\/p>\n\n\n\n<p>S.6<br>Y\u00f6netim veya denetim kurulunun gerekli g\u00f6rd\u00fc\u011f\u00fc hallerde veya dernek \u00fcyelerinden be\u015fte birinin yaz\u0131l\u0131 iste\u011fi \u00fczerine otuz g\u00fcn i\u00e7inde ola\u011fan\u00fcst\u00fc toplan\u0131r.<\/p>\n\n\n\n<p>Genel kurul toplant\u0131ya y\u00f6netim kurulunca \u00e7a\u011fr\u0131l\u0131r.<\/p>\n\n\n\n<p><strong>e) Genel kurulun g\u00f6revleri, yetkileri, oy kullanma ve karar alma usul ve \u015fekilleri.<\/strong><br>Genel kurul; derne\u011fin amac\u0131na uygun olarak yap\u0131lacak i\u015flerde her t\u00fcrl\u00fc karar\u0131 almaya yetkilidir.<br>Y\u00f6netim kurulunu se\u00e7er.<br>Denetim kurulunu se\u00e7er.<br>Disiplin kurulunu se\u00e7er.<br>\u015eikayet kurulunu se\u00e7er.<br>Ara\u015ft\u0131rma ve inceleme kurulunu se\u00e7er.<br>Derne\u011fin faaliyet konular\u0131 ile ilgili olarak her t\u00fcrl\u00fc karar\u0131 al\u0131r.<br>Ta\u015f\u0131nmaz ve motorlu ara\u00e7 al\u0131m\u0131na karar verir.<br>Geri d\u00f6n\u00fc\u015f\u00fcm tesisleri ile ilgili yat\u0131r\u0131mlar\u0131n yap\u0131lmas\u0131na karar verir.<br>Y\u00f6netim kurulunu uygun g\u00f6rd\u00fc\u011f\u00fc i\u015fler ile ilgili g\u00f6revlendirir.<br>Sand\u0131k kurulmas\u0131na karar verir. &nbsp;Y\u00f6netmeli\u011fini kabul eder.<br>Lokal kurulmas\u0131na karar verir.<br>Genel kurulda g\u00f6r\u00fc\u015fmeye a\u00e7\u0131lm\u0131\u015f \u00fcyelik ihra\u00e7lar\u0131n\u0131 g\u00f6r\u00fc\u015f\u00fcr ve karara ba\u011flar.<br>Yeni \u00fcyenin ilk&nbsp; kay\u0131t\u0131nda al\u0131nacak giri\u015f aidat\u0131 ile y\u0131ll\u0131k \u00f6denecek aidatlar\u0131 belirler.<br>Disiplin kurulu, , ara\u015ft\u0131rma ve inceleme kurulu, \u015fikayet kurulu , sand\u0131k ve lokalin \u00e7al\u0131\u015fmas\u0131na ili\u015fkin haz\u0131rlanan t\u00fcz\u00fckleri kabul eder.<br>Genel kurul her t\u00fcrl\u00fc karar\u0131 kat\u0131lanlar\u0131n oy \u00e7oklu\u011fu ile al\u0131r.<br>Genel kurulda organ se\u00e7imlerinin oylamas\u0131 kapal\u0131 ve gizli yap\u0131l\u0131r.<\/p>\n\n\n\n<p><strong>f) Y\u00f6netim ve denetim kurullar\u0131n\u0131n g\u00f6rev ve yetkileri, ne suretle se\u00e7ilece\u011fi, as\u0131l ve yedek \u00fcye say\u0131s\u0131.<\/strong><\/p>\n\n\n\n<p><strong>Y\u00f6netim Kurulu:<\/strong><\/p>\n\n\n\n<p>Y\u00f6netim kurulu ba\u015fkan, ba\u015fkan yard\u0131mc\u0131s\u0131, genel sekreter, muhasip ve genel koordinat\u00f6r olmak \u00fczere be\u015f asil \u00fcyeden olu\u015fur. G\u00f6revi s\u0131n\u0131rland\u0131r\u0131lmamak \u00fczere ayr\u0131ca be\u015f yedek \u00fcye se\u00e7ilir. Dernek ba\u015fkan\u0131, &nbsp;ba\u015fkan yard\u0131mc\u0131s\u0131, genel sekreter, muhasip \u00fcye ve koordinasyondan sorumlu \u00fcyenin tespiti genel kurul taraf\u0131ndan yap\u0131l\u0131r.<\/p>\n\n\n\n<p>S.7<br>Y\u00f6netim kurulu tekli aylarda en az bir defa \u00e7o\u011funluk ile toplan\u0131r. Kararlar kat\u0131lanlar\u0131n \u00e7o\u011funlu\u011fu ile verilir. E\u015fit oy olmas\u0131 halinde bir sonraki toplant\u0131da mutlak \u00e7o\u011funluk ile toplan\u0131r, e\u015fit oya konu g\u00fcndem mutlak \u00e7o\u011funlukla yap\u0131lan toplant\u0131da oy \u00e7oklu\u011fu ile karara ba\u011flan\u0131r. &nbsp;\u00dcst \u00fcste iki toplant\u0131da karar \u00e7\u0131kmamas\u0131 halinde y\u00f6netim kurulu otuz g\u00fcn i\u00e7inde genel kurulu ola\u011fan\u00fcst\u00fc toplant\u0131ya davet eder ve ola\u011fan\u00fcst\u00fc genel kurulda sadece ilgili g\u00fcndem maddesini g\u00f6r\u00fc\u015f\u00fclerek oy \u00e7oklu\u011fu ile karar verilir.<\/p>\n\n\n\n<p>Y\u00f6netim kurulu kararlar\u0131n\u0131n ge\u00e7erlili\u011fi ve derne\u011fi temsil yetkisi i\u00e7in ba\u015fkan\u0131n imzas\u0131 ile birlikte y\u00f6netim kurulu \u00fcyelerinden birinin imzas\u0131 yeterlidir.<\/p>\n\n\n\n<p>Y\u00f6netim kurulu derne\u011fin amac\u0131 do\u011frultusunda her t\u00fcrl\u00fc y\u00fcr\u00fctme ile ilgili g\u00f6revli organd\u0131r.<br>Derne\u011fin t\u00fcz\u00fc\u011f\u00fc ve y\u00f6netmeliklerine uygun olarak uygun g\u00f6rd\u00fc\u011f\u00fc ve genel kurulca belirlenen i\u015fleri yapar.<br>\u00c7al\u0131\u015fma grup ve komisyonlar\u0131n\u0131 olu\u015fturur, y\u00f6nlendirir, denetler, raporlar\u0131n\u0131 inceler ve yay\u0131nlar. Komisyon ba\u015fkanlar\u0131n\u0131 atar ya da g\u00f6revden al\u0131r.<br>Gerekli g\u00f6rd\u00fc\u011f\u00fc birimlere y\u00f6netici atar ya da g\u00f6revden al\u0131r.<br>Disiplin kurulu,&nbsp; ara\u015ft\u0131rma ve inceleme kurulu, \u015fikayet kurulu, sand\u0131k ve lokalin \u00e7al\u0131\u015fmas\u0131na ili\u015fkin t\u00fcz\u00fckleri haz\u0131rlar ve genel kurul onay\u0131na sunar.<br>G\u00f6rev s\u00fcresi se\u00e7ilmelerinden itibaren d\u00f6rt y\u0131l olup genel kurulun ertelenmesi halinde eski y\u00f6netim kurulu g\u00f6revine yenisi se\u00e7ilene kadar devam eder.<br><strong>Denetim Kurulu:<\/strong><\/p>\n\n\n\n<p>Denetim kurulu d\u00f6rt asil ve d\u00f6rt yedek \u00fcyeden olu\u015fur, genel kurul taraf\u0131ndan se\u00e7ilir. Y\u00f6netim kurulunun, derne\u011fin t\u00fcm organlar\u0131n\u0131n her t\u00fcrl\u00fc faaliyetini, mali i\u015flerini ve t\u00fcm \u00e7al\u0131\u015fmalar\u0131 denetler. Gerekirse ba\u011f\u0131ms\u0131z denet\u00e7ileri g\u00f6revlendirerek dernek hesap ve i\u015flemleri hususunda rapor haz\u0131rlar.<\/p>\n\n\n\n<p><strong>\u015eikayet Kurulu:<\/strong><br>\u00dc\u00e7 asil ve \u00fc\u00e7 yedek \u00fcyeden olu\u015fur, genel kurulca se\u00e7ilir.<br>Derne\u011fin faaliyet konusu alanlarda gelen ba\u015fvuru ve \u015fikayetleri de\u011ferlendirir, tasnifler, ara\u015ft\u0131rma ve inceleme kuruluna bildirir. Ara\u015ft\u0131rma ve inceleme kurulunun verdi\u011fi rapora g\u00f6re ilgili merciilere \u015fikayetleri iletir, yasal ba\u015fvurular\u0131 yapar.<\/p>\n\n\n\n<p><strong>Ara\u015ft\u0131rma ve \u0130nceleme Kurulu:<\/strong><br>\u00dc\u00e7 asil, \u00fc\u00e7 yedek \u00fcyeden olu\u015fur, genel kurulca se\u00e7ilir.<br>\u015eikayet kurulu taraf\u0131ndan iletilen hususlarda gerekli ara\u015ft\u0131rmalar\u0131 yapar, ilgili kurum ve kurulu\u015flarla g\u00f6r\u00fc\u015ferek raporlar\u0131 haz\u0131rlar ve \u015fikayet kuruluna sunar.<br>S.8<\/p>\n\n\n\n<p><strong>g) Derne\u011fin \u015fubesinin bulunup bulunmayaca\u011f\u0131, bulunacak ise \u015fubelerin nas\u0131l kurulaca\u011f\u0131, g\u00f6rev ve yetkileri ile dernek genel kurulunda nas\u0131l temsil edilece\u011fi.<\/strong><br>Dernek genel kurul karar\u0131yla uygun g\u00f6r\u00fclecek yerlerde \u015fube a\u00e7ar. \u015eubeler en az \u00fc\u00e7 ki\u015fi taraf\u0131ndan a\u00e7\u0131l\u0131r. \u015eube y\u00f6netim kurulu be\u015f asil ve be\u015f yedek \u00fcyeden \u015fube denetim kurulu ise \u00fc\u00e7 asil ve \u00fc\u00e7 yedek \u00fcyeden olu\u015fur. \u015eubeler genel merkez genel kurulunda her on \u00fcye i\u00e7in bir delege ile temsil edilirler. \u015eube genel kurullar\u0131 tekli y\u0131llar\u0131n Mart ay\u0131 i\u00e7inde yap\u0131l\u0131r. \u015eube organlar\u0131n\u0131n g\u00f6revleri bu dernek t\u00fcz\u00fc\u011f\u00fc i\u00e7indeki dernek organlar\u0131n\u0131n g\u00f6revlerinin ayn\u0131s\u0131n\u0131 ihtiva eder.<br>Dernek faaliyetlerini y\u00fcr\u00fctmek amac\u0131yla temsilcilik a\u00e7abilir. Temsilcilikler, \u015fube veya dernek genel kurullar\u0131nda temsil edilmezler. \u015eubeler temsilcilik a\u00e7amazlar. Temsilcili\u011fin adresi, y\u00f6netim kurulu karar\u0131yla temsilci olarak g\u00f6revlendirilen ki\u015fi veya ki\u015filer taraf\u0131ndan o yerin m\u00fclki idare amirli\u011fine yaz\u0131l\u0131 olarak bildirilir.<\/p>\n\n\n\n<p><strong>h) \u00dcyelerin \u00f6deyecekleri giri\u015f ve y\u0131ll\u0131k aidat miktar\u0131n\u0131n belirlenme \u015fekli.<\/strong><\/p>\n\n\n\n<p>\u00dcyelerin giri\u015f ve y\u0131ll\u0131k aidatlar\u0131 genel kurulca belirlenir. Her genel kurulda mutlaka bu husus g\u00f6r\u00fc\u015f\u00fcl\u00fcp g\u00fcn\u00fcn \u015fartlar\u0131na g\u00f6re karara ba\u011flan\u0131r. B\u00fct\u00e7enin yetersiz kald\u0131\u011f\u0131 hallerde genel giderlere \u00fcyeler e\u015fit oranda kat\u0131l\u0131r.<\/p>\n\n\n\n<p><strong>\u0131) Derne\u011fin bor\u00e7lanma usulleri.<\/strong><\/p>\n\n\n\n<p>Genel kurulca karar al\u0131nmad\u0131\u011f\u0131 hallerde bor\u00e7lanma yap\u0131lamaz. Bor\u00e7lanman\u0131n limiti ve \u015fekli yasal d\u00fczenlemelere ayk\u0131r\u0131 olmamak kayd\u0131yla y\u00f6netim kurul taraf\u0131ndan yap\u0131l\u0131r. Bor\u00e7lanma y\u0131ll\u0131k b\u00fct\u00e7enin y\u00fczde ellisini ge\u00e7emez. Bu bor\u00e7lanmadan y\u00f6netim kurulu m\u00fcteselsilen sorumludur.<\/p>\n\n\n\n<p><strong>j) Derne\u011fin i\u00e7 denetim \u015fekilleri.<\/strong><\/p>\n\n\n\n<p>Derne\u011fin alt\u0131 asil ve \u00fc\u00e7 yedek \u00fcyeden olu\u015fan disiplin kurulu genel kurulca se\u00e7ilir. Disiplin kurulu \u00fcyeler ya da \u00fcye olmayanlardan gelen her t\u00fcrl\u00fc \u015fikayeti de\u011ferlendirir ve oy \u00e7oklu\u011fu ile karar al\u0131r. Disiplin kurulu kararlar\u0131na kar\u015f\u0131 \u00fcyelikten ihra\u00e7 halinde ihra\u00e7 karar\u0131n\u0131n tebli\u011fini takip eden 30 g\u00fcn i\u00e7inde ilk genel kurulda g\u00f6r\u00fc\u015f\u00fclmek \u00fczere y\u00f6netim kuruluna itiraz edilebilir.<\/p>\n\n\n\n<p>Denetim kurulu t\u00fcm organlar\u0131 denetlemekle y\u00fck\u00fcml\u00fcd\u00fcr.<\/p>\n\n\n\n<p>Her kurul her genel kurulda mutlaka yeniden se\u00e7ilir.<\/p>\n\n\n\n<p>S.9<br><strong>k) T\u00fcz\u00fc\u011f\u00fcn ne \u015fekilde de\u011fi\u015ftirilece\u011fi.<\/strong><br>Dernek t\u00fcz\u00fc\u011f\u00fc, genel kurula kat\u0131lma hakk\u0131 bulunan \u00fcyelerin en az \u00fc\u00e7te ikisinin ikinci toplant\u0131da ise y\u00f6netim ve denetim kurullar\u0131 \u00fcye say\u0131s\u0131n\u0131n en az iki kat\u0131 ile toplan\u0131r. Her iki toplant\u0131da da kararlar en az \u00fc\u00e7te iki oy \u00e7oklu\u011fu ile al\u0131n\u0131r.<\/p>\n\n\n\n<p>T\u00fcz\u00fck de\u011fi\u015fiklikleri de gizli oy ile yap\u0131l\u0131r.<br><br><strong>l) Derne\u011fin feshi halinde mal varl\u0131\u011f\u0131n\u0131n tasfiye \u015fekli.<\/strong><br>Derne\u011fin feshindeki toplant\u0131 ve karar yeter say\u0131s\u0131 t\u00fcz\u00fck de\u011fi\u015fikli\u011findeki \u00e7o\u011funluk ve karar yeter say\u0131s\u0131 ile ayn\u0131d\u0131r. Derne\u011fin feshi halinde mevcut y\u00f6netim kurul tasfiye kurulu olarak g\u00f6rev yapar.<br>Derne\u011fin tasfiyesi halinde t\u00fcm mal varl\u0131\u011f\u0131 amac\u0131na en yak\u0131n faaliyette&nbsp; bulunan vak\u0131f ya da derne\u011fe ba\u011f\u0131\u015flanacakt\u0131r.<\/p>\n\n\n\n<p><strong>TUTULACAK DEFTERLER:<\/strong><\/p>\n\n\n\n<p>Dernek i\u015fletme hesab\u0131 esas\u0131nda defter tutacak olup tutulacak defterler ve uyulacak esaslar a\u015fa\u011f\u0131daki gibidir:<\/p>\n\n\n\n<p>1) Karar Defteri: Y\u00f6netim kurulu kararlar\u0131 tarih ve numara s\u0131ras\u0131yla bu deftere yaz\u0131l\u0131r ve kararlar\u0131n alt\u0131 toplant\u0131ya kat\u0131lan \u00fcyelerce imzalan\u0131r.<\/p>\n\n\n\n<p>2) \u00dcye Kay\u0131t Defteri: Derne\u011fe \u00fcye olarak girenlerin kimlik bilgileri, derne\u011fe giri\u015f ve \u00e7\u0131k\u0131\u015f tarihleri bu deftere i\u015flenir. \u00dcyelerin \u00f6dedikleri giri\u015f ve y\u0131ll\u0131k aidat miktarlar\u0131 bu deftere i\u015flenebilir.<\/p>\n\n\n\n<p>3) Evrak Kay\u0131t Defteri: Gelen ve giden evraklar, tarih ve s\u0131ra numaras\u0131 ile bu deftere kaydedilir. Gelen evrak\u0131n as\u0131llar\u0131 ve giden evrak\u0131n kopyalar\u0131 dosyalan\u0131r.<\/p>\n\n\n\n<p>Elektronik posta yoluyla gelen veya giden evraklar \u00e7\u0131kt\u0131s\u0131 al\u0131nmak suretiyle saklan\u0131r.<\/p>\n\n\n\n<p>4) Demirba\u015f Defteri: Derne\u011fe ait demirba\u015flar\u0131n edinme tarihi ve \u015fekli ile kullan\u0131ld\u0131klar\u0131 veya verildikleri yerler ve kullan\u0131m s\u00fcrelerini dolduranlar\u0131n kay\u0131ttan d\u00fc\u015f\u00fcr\u00fclmesi bu deftere i\u015flenir.<\/p>\n\n\n\n<p>5) \u0130\u015fletme Hesab\u0131 Defteri: Dernek ad\u0131na al\u0131nan gelirler ve yap\u0131lan giderler a\u00e7\u0131k ve d\u00fczenli olarak bu deftere i\u015flenir.<\/p>\n\n\n\n<p>S.10<br>6) Al\u0131nd\u0131 Belgesi Kay\u0131t Defteri : Al\u0131nd\u0131 belgelerinin seri ve s\u0131ra numaralar\u0131, bu belgeleri alan ve iade edelerin ad\u0131, soyad\u0131 ve imzalar\u0131 ile ald\u0131klar\u0131 ve iade ettikleri tarihler bu deftere i\u015flenir.<\/p>\n\n\n\n<p><strong>H\u00dcK\u00dcM EKS\u0130KL\u0130\u011e\u0130<\/strong><\/p>\n\n\n\n<p>\u0130\u015fbu t\u00fcz\u00fckte bulunmayan hallerde&nbsp; Derkler Kanunu ile&nbsp; T\u00fcrk Medeni Kanun h\u00fck\u00fcmleri uygulan\u0131r.<\/p>\n\n\n\n<p><strong>ONURSAL \u00dcYELER:<\/strong><\/p>\n\n\n\n<p>Derne\u011fin kurucu \u00fcyeleri ayn\u0131 zamanda derne\u011fin ya\u015fam boyu onursal \u00fcyeleridir.<\/p>\n\n\n\n<p><strong>GE\u00c7\u0130C\u0130 Y\u00d6NET\u0130M KURULU<\/strong><br>Ba\u015fkan Remziye Kartal Rosenblat<br>Ba\u015fkan yard\u0131mc\u0131s\u0131 Murat Altan<br>Muhasip \u00fcye Yusuf Demir<br>Genel sekreter Osman Yak\u0131c\u0131<br>Genel Koordinat\u00f6r Birsen \u00d6zayd\u0131n<\/p>\n\n\n\n<p><strong>KURUCU \u00dcYELER:<\/strong><\/p>\n\n\n\n<ol class=\"wp-block-list\">\n<li>Remziye Kartal Rosenblat\u00a0\u00a0 2- Pierre Jean Rosenblat\u00a0\u00a0\u00a0 3- Asl\u0131 Altan<\/li>\n<\/ol>\n\n\n\n<p>4- Murat Altan&nbsp;&nbsp;&nbsp;&nbsp;&nbsp;&nbsp;&nbsp;&nbsp;&nbsp;&nbsp;&nbsp;&nbsp;&nbsp;&nbsp; 5- Mutlu Kartal&nbsp;&nbsp;&nbsp;&nbsp;&nbsp;&nbsp;&nbsp;&nbsp;&nbsp;&nbsp;&nbsp;&nbsp;&nbsp;&nbsp;&nbsp;&nbsp;&nbsp;&nbsp;&nbsp;&nbsp;&nbsp;&nbsp; 6- Tuba Kartal<\/p>\n\n\n\n<p>7- Yusuf Demir&nbsp;&nbsp;&nbsp;&nbsp;&nbsp;&nbsp;&nbsp;&nbsp;&nbsp;&nbsp;&nbsp;&nbsp; 8- Katibe \u00c7iftlik&nbsp;&nbsp;&nbsp;&nbsp;&nbsp;&nbsp;&nbsp;&nbsp;&nbsp;&nbsp;&nbsp;&nbsp;&nbsp;&nbsp;&nbsp;&nbsp;&nbsp;&nbsp;&nbsp;&nbsp;&nbsp; 9- Osman Yak\u0131c\u0131<\/p>\n\n\n\n<p>10- Turgay T\u00fcrkfiliz&nbsp;&nbsp;&nbsp;&nbsp;&nbsp;&nbsp;&nbsp;&nbsp;&nbsp;&nbsp; 11- Halime T\u00fcrkfiliz&nbsp;&nbsp;&nbsp;&nbsp;&nbsp;&nbsp;&nbsp;&nbsp;&nbsp;&nbsp; 12- Fatih Vural K\u00fct\u00fck<\/p>\n\n\n\n<p>13- Murat \u00dcz\u00fcm&nbsp;&nbsp;&nbsp;&nbsp;&nbsp;&nbsp;&nbsp;&nbsp; 14- Osman Burak Akalan&nbsp;&nbsp;&nbsp;&nbsp;&nbsp;&nbsp;&nbsp;&nbsp;&nbsp;&nbsp;&nbsp; 15- Faik Melih \u00d6zcan<\/p>\n\n\n\n<p>16- Recep \u00c7ift\u00e7i&nbsp;&nbsp;&nbsp;&nbsp; 17- Birsen \u00d6zayd\u0131n &nbsp;&nbsp;&nbsp;&nbsp;18-Nezihi Temel ALBAYRAK<\/p>\n\n\n\n<p>19- Rabia Ay\u015fen Sevin\u00e7<\/p>\n","protected":false},"excerpt":{"rendered":"<p>Temiz \u00c7evre Derne\u011fi T\u00fcz\u00fc\u011f\u00fca) Derne\u011fin ad\u0131 ve merkezi. Derne\u011fin Ad\u0131: &nbsp;Temiz \u00c7evre Derne\u011fi\u2019dir.Merkezi : Antalya \u0130lidir. b) Derne\u011fin amac\u0131 ve bu amac\u0131 ger\u00e7ekle\u015ftirmek i\u00e7in dernek\u00e7e s\u00fcrd\u00fcr\u00fclecek \u00e7al\u0131\u015fma konular\u0131 ve \u00e7al\u0131\u015fma bi\u00e7imleri ile faaliyet alan\u0131: Derne\u011fin amac\u0131; insanlar ve t\u00fcm canl\u0131lar\u0131n ya\u015fanabilir temiz bir \u00e7evrede birlikte ve uyum i\u00e7inde varl\u0131klar\u0131n\u0131 devam ettirmeleri i\u00e7in yap\u0131lmas\u0131 gerekenler hususunda&#8230;<\/p>\n","protected":false},"author":1,"featured_media":0,"parent":0,"menu_order":0,"comment_status":"closed","ping_status":"closed","template":"","meta":{"magazine_newspaper_sidebar_layout":"","footnotes":""},"class_list":["post-20","page","type-page","status-publish","hentry"],"_links":{"self":[{"href":"https:\/\/temizcevre.org\/index.php?rest_route=\/wp\/v2\/pages\/20","targetHints":{"allow":["GET"]}}],"collection":[{"href":"https:\/\/temizcevre.org\/index.php?rest_route=\/wp\/v2\/pages"}],"about":[{"href":"https:\/\/temizcevre.org\/index.php?rest_route=\/wp\/v2\/types\/page"}],"author":[{"embeddable":true,"href":"https:\/\/temizcevre.org\/index.php?rest_route=\/wp\/v2\/users\/1"}],"replies":[{"embeddable":true,"href":"https:\/\/temizcevre.org\/index.php?rest_route=%2Fwp%2Fv2%2Fcomments&post=20"}],"version-history":[{"count":1,"href":"https:\/\/temizcevre.org\/index.php?rest_route=\/wp\/v2\/pages\/20\/revisions"}],"predecessor-version":[{"id":21,"href":"https:\/\/temizcevre.org\/index.php?rest_route=\/wp\/v2\/pages\/20\/revisions\/21"}],"wp:attachment":[{"href":"https:\/\/temizcevre.org\/index.php?rest_route=%2Fwp%2Fv2%2Fmedia&parent=20"}],"curies":[{"name":"wp","href":"https:\/\/api.w.org\/{rel}","templated":true}]}}